{"version":"1.0","provider_name":"\u00c1tok vagy \u00c1ld\u00e1s?","provider_url":"https:\/\/cilarikadrienn.cafeblog.hu","author_name":"Cil\u00e1rik Adrienn","author_url":"https:\/\/cilarikadrienn.cafeblog.hu\/author\/cilarik_adrienn\/","title":"Ments \u00e9letet!","html":"<p>Kezdem felfedezni, hogy haz\u00e1nkban is sorra ny\u00edlnak meg a k\u00fcl\u00f6nb\u00f6z\u0151 <strong>Plazmacentrumok<\/strong>.<\/p>\r\n<p>Sajnos azonban nem felt\u00e9tlen a lehet\u0151 legjobb marketinggel, l\u00e1tom az \u00fajabb invit\u00e1l\u00e1sokat, hogy <strong>mi\u00e9rt is adj plazm\u00e1t<\/strong>. Nyilv\u00e1n cs\u00e1b\u00edt\u00f3an hangzik, ha a plazmacentrum m\u00e9g \u00e1llja is az eb\u00e9dedet, \u00e9s megaj\u00e1nd\u00e9koz egy szendviccsel, vagy \u00fcd\u00edt\u0151vel, pluszban a plazmaad\u00e1s\u00e9rt j\u00e1r\u00f3 p\u00e1r ezer forint mell\u00e9.<\/p>\r\n<p>Nyilv\u00e1n Te, mint \"donor\" <strong>az\u00e9rt fogsz elmenni, mert<\/strong> a plazm\u00e1d\u00e9rt <strong>p\u00e9nzt kapsz.<\/strong> Tegye fel a kez\u00e9t, aki nemcsak ez\u00e9rt hajland\u00f3 plazm\u00e1t adni? Akit nem az a 3000,- Ft-os, azaz h\u00e1romezer forintos \u00f6sszeg invit\u00e1lja \u0151t be egy ilyen k\u00f6zpontban, hanem az, hogy <strong>\u00f6nzetlen\u00fcl seg\u00edthessen<\/strong> m\u00e1sokon?\u00a0<\/p>\r\n<p>&nbsp;<\/p>\r\n<blockquote>\r\n<h4 style=\"text-align: center\">\"Mond neked mit jelent, hogy ann\u00e1l nagyobb szeretet nincs<\/h4>\r\n<h4 style=\"text-align: center\">Mint ha m\u00e1sok\u00e9rt \u00f6nk\u00e9nt adn\u00e1d az \u00e9leted...\"<\/h4>\r\n<p style=\"text-align: center\">\u00a0<\/p>\r\n<\/blockquote>\r\n<p>Aki nemcsak azt l\u00e1tja, hogy egy \u00fajabb \"\u00fczlet\u00e1g\" lett jelen a magyar piacon - <em>el\u00e1rulom k\u00fclf\u00f6ld\u00f6n van, aki m\u00e1r 30 \u00e9ve plazm\u00e1t ad, teh\u00e1t ez n\u00e1lunk \"\u00faj\", m\u00e1shol nem<\/em> -; hanem ezzel egy\u00fctt azt is l\u00e1tja, hogy sajnos egyre ink\u00e1bb fordulnak el\u0151 haz\u00e1nkban is \u00fagynevezett <strong>ritka betegs\u00e9gek, melyekre a plazmak\u00e9sz\u00edtm\u00e9nyek<\/strong> ak\u00e1r <strong>\u00e9letment\u0151ek<\/strong> is lehetnek.\u00a0<strong>Ha<\/strong>\u00a0pedig ezen ritka betegek, akikn\u00e9l meg\u00e1llap\u00edtj\u00e1k, hogy csak a plazmak\u00e9sz\u00edtm\u00e9nyek seg\u00edtenek, \u00e9s\u00a0<strong>nem kapnak<\/strong>\u00a0<strong>tiszta v\u00e9rplazm\u00e1t, vagy plazm\u00e1b\u00f3l k\u00e9sz\u00fclt k\u00e9sz\u00edtm\u00e9nyeket<\/strong>\u00a0<strong>meghalhatnak<\/strong>.\u00a0<\/p>\r\n<p>&nbsp;<\/p>\r\n<blockquote>\r\n<h4 style=\"text-align: center\">\"Egy h\u00e1l\u00e1s sz\u00edv,<\/h4>\r\n<h4 style=\"text-align: center\">Na ez a mennyorsz\u00e1g...\"<\/h4>\r\n<\/blockquote>\r\n<p>&nbsp;<\/p>\r\n<p>Ahogyan \u00e9n is meghallhattam volna, ha m\u00e9g tov\u00e1bb h\u00fazz\u00e1k az id\u0151met, \u00e9s nem kezdik el n\u00e1lam is a plazmaferezist, \u00e9s az IVIG-et alkalmazni, amely a <strong>Guillain-Barr\u00e9 Szindr\u00f3m\u00e1ra<\/strong> meg kell kapnia a betegnek. \u00cdgy is <strong>farkasszemet n\u00e9ztem a hal\u00e1llal<\/strong>, hiszen cs\u0151vel a sz\u00e1mban, mesters\u00e9ges l\u00e9legeztet\u00e9sen voltam, \u00e9pp tudatommal.\u00a0<\/p>\r\n<p>Tudtad, hogy <strong>legal\u00e1bb 8 orvos<\/strong>on esnek \u00e1t azon betegek, akikn\u00e9l a v\u00e9g\u00e9n valami ritka betegs\u00e9get diagnosztiz\u00e1lnak? Nincs egyszer\u0171 dolgunk, mert egyre ink\u00e1bb <strong>n\u0151 a ritka betegs\u00e9gek sz\u00e1ma<\/strong>, de a szakmai tud\u00e1s nem mindenhol ar\u00e1nyos ezzel a n\u00f6veked\u00e9ssel.\u00a0<\/p>\r\n<p>&nbsp;<\/p>\r\n<blockquote>\r\n<h4 style=\"text-align: center\">\"Hidd el tele van a temet\u0151 m\u00e1r sok elvesztett perccel,<\/h4>\r\n<h4 style=\"text-align: center\">Elpocs\u00e9kolt h\u00f3napokkal, \u00e9vekkel...<\/h4>\r\n<h4 style=\"text-align: center\">Igen tele van a hal\u00e1l zsebe az \u00e9letnek sz\u00e1nt<\/h4>\r\n<h4 style=\"text-align: center\">M\u00e9gis meg nem \u00e9lt mi mindennel...\"<\/h4>\r\n<\/blockquote>\r\n<p>&nbsp;<\/p>\r\n<p>A nagy \u00e1ltal\u00e1noss\u00e1gban az eddig olvasott cikkekb\u0151l sz\u00e1momra az der\u00fclt ki, hogy c\u00e9l az a p\u00e1r ezer forint, amib\u0151l ugyan nem fog <del>haz\u00e1nkban<\/del> meggazdagodni a donor, de m\u00e9gis csak j\u00f3l j\u00f6n egy kis j\u00f6vedelem kieg\u00e9sz\u00edt\u00e9s sz\u00e1m\u00e1ra. Nem l\u00e1ttam m\u00e9g olyan cikket, ahol a betegek szemsz\u00f6g\u00e9b\u0151l mutatn\u00e1k be a plazmaad\u00e1s jelent\u0151s\u00e9g\u00e9t <del>haz\u00e1nkban<\/del>.\u00a0<\/p>\r\n<p>Pontosan ez\u00e9rt szeretn\u00e9m egy kicsit megismertetni, a m\u00e1sik oldalt. Azt, hogy t\u00e9nylegesen ezzel a cselekedettel \u00e9leteket tudtok megmenteni, ak\u00e1r hiszitek, ak\u00e1r nem.<\/p>\r\n<p>Business? Manaps\u00e1g mi az, ami <del>haz\u00e1nkban<\/del> nem az \u00fczletr\u0151l sz\u00f3l? Mindenki mindre r\u00e1 teszi a maga kis haszn\u00e1t, \u00edgy nyilv\u00e1n a k\u00e9sz\u00edtm\u00e9nyekb\u0151l is profit\u00e1lnak, ahogyan egy kil\u00f3 keny\u00e9r elad\u00e1s\u00e1b\u00f3l, vagy egy liter benzin \u00e1rul\u00e1s\u00e1b\u00f3l. Mindennek felfele megy az \u00e1ra, olyat m\u00e9g nem igen lehetett tapasztalni, hogy hirtelen mindennek az \u00e1ra cs\u00f6kkent volna.<\/p>\r\n<p>Sosem lehet tudni, \u00e9ppen Te magad mikor fogsz r\u00e1szorulni ezen k\u00e9sz\u00edtm\u00e9nyekre \u00e9s mentik meg majd az \u00e9letedet, ez\u00e9rt <strong>k\u00e9rlek, hogy ne azt n\u00e9zd, mekkora \u00fczlet ez valakinek, hanem azt, hogy t\u00e9nylegesen \u00e9leteket menthetsz vele<\/strong>! S lehet egyszer majd a Te \u00e9letedet is ezen k\u00e9sz\u00edtm\u00e9nyek mentik meg.\u00a0<\/p>\r\n<p>&nbsp;<\/p>\r\n<p><img class=\"aligncenter wp-image-12446582 size-large\" src=\"https:\/\/cilarikadrienn.cafeblog.hu\/files\/2017\/10\/\u00e9let-600x338.jpg\" alt=\"\" width=\"600\" height=\"338\" \/><\/p>\r\n<p>&nbsp;<\/p>","type":"rich","thumbnail_url":"https:\/\/cilarikadrienn.cafeblog.hu\/files\/2017\/10\/v\u00e9r-150x150.jpg","thumbnail_width":150,"thumbnail_height":150}